{"id":14929,"date":"2026-04-28T14:33:15","date_gmt":"2026-04-28T12:33:15","guid":{"rendered":"https:\/\/bibliotheken-schaffhausen.ch\/?post_type=tribe_events&#038;p=14929"},"modified":"2026-04-28T14:36:16","modified_gmt":"2026-04-28T12:36:16","slug":"abschiedsfest-agnesenschuette","status":"publish","type":"tribe_events","link":"https:\/\/bibliotheken-schaffhausen.ch\/de\/event\/abschiedsfest-agnesenschuette\/","title":{"rendered":"Abschiedsfest Agnesensch\u00fctte"},"content":{"rendered":"<p>Bereits anfangs Juni heisst es ein bisschen Abschied nehmen: Wir sagen \u00abTsch\u00fcss\u00bb zur Bibliothek Agnesensch\u00fctte! Bevor wir im September in die neue Bibliothek Kammgarn weiterziehen, m\u00f6chten wir gemeinsam auf viele sch\u00f6ne Jahre an der Schwesterngasse zur\u00fcckblicken. Wir laden herzlich ein zum Erinnern, Austauschen und Verweilen und freuen uns auf zahlreiche Besucherinnen und Besucher!<\/p>\n","protected":false},"excerpt":{"rendered":"<p>Bereits anfangs Juni heisst es ein bisschen Abschied nehmen: Wir sagen \u00abTsch\u00fcss\u00bb zur Bibliothek Agnesensch\u00fctte! Bevor wir im September in die neue Bibliothek Kammgarn weiterziehen, m\u00f6chten wir gemeinsam auf viele [&hellip;]<\/p>\n","protected":false},"author":4,"featured_media":14932,"template":"","meta":{"_et_pb_use_builder":"","_et_pb_old_content":"","_et_gb_content_width":"","_tribe_events_status":"","_tribe_events_status_reason":"","_tribe_events_is_hybrid":"","_tribe_events_is_virtual":"","_tribe_events_virtual_video_source":"","_tribe_events_virtual_embed_video":"","_tribe_events_virtual_linked_button_text":"","_tribe_events_virtual_linked_button":"","_tribe_events_virtual_show_embed_at":"","_tribe_events_virtual_show_embed_to":[],"_tribe_events_virtual_show_on_event":"","_tribe_events_virtual_show_on_views":"","_tribe_events_virtual_url":"","footnotes":""},"tags":[157,47,116,198,32,55,75],"tribe_events_cat":[14,4,3],"class_list":["post-14929","tribe_events","type-tribe_events","status-publish","has-post-thumbnail","hentry","tag-bibliothek-agnesenschuette","tag-eltern-kind","tag-erwachsene","tag-fest","tag-kinder","tag-kreativitaet","tag-schweiz","tribe_events_cat-eltern-kinder","tribe_events_cat-erwachsene","tribe_events_cat-kinder","cat_eltern-kinder","cat_erwachsene","cat_kinder"],"_links":{"self":[{"href":"https:\/\/bibliotheken-schaffhausen.ch\/de\/wp-json\/wp\/v2\/tribe_events\/14929","targetHints":{"allow":["GET"]}}],"collection":[{"href":"https:\/\/bibliotheken-schaffhausen.ch\/de\/wp-json\/wp\/v2\/tribe_events"}],"about":[{"href":"https:\/\/bibliotheken-schaffhausen.ch\/de\/wp-json\/wp\/v2\/types\/tribe_events"}],"author":[{"embeddable":true,"href":"https:\/\/bibliotheken-schaffhausen.ch\/de\/wp-json\/wp\/v2\/users\/4"}],"version-history":[{"count":2,"href":"https:\/\/bibliotheken-schaffhausen.ch\/de\/wp-json\/wp\/v2\/tribe_events\/14929\/revisions"}],"predecessor-version":[{"id":14939,"href":"https:\/\/bibliotheken-schaffhausen.ch\/de\/wp-json\/wp\/v2\/tribe_events\/14929\/revisions\/14939"}],"wp:featuredmedia":[{"embeddable":true,"href":"https:\/\/bibliotheken-schaffhausen.ch\/de\/wp-json\/wp\/v2\/media\/14932"}],"wp:attachment":[{"href":"https:\/\/bibliotheken-schaffhausen.ch\/de\/wp-json\/wp\/v2\/media?parent=14929"}],"wp:term":[{"taxonomy":"post_tag","embeddable":true,"href":"https:\/\/bibliotheken-schaffhausen.ch\/de\/wp-json\/wp\/v2\/tags?post=14929"},{"taxonomy":"tribe_events_cat","embeddable":true,"href":"https:\/\/bibliotheken-schaffhausen.ch\/de\/wp-json\/wp\/v2\/tribe_events_cat?post=14929"}],"curies":[{"name":"wp","href":"https:\/\/api.w.org\/{rel}","templated":true}]}}